{"id":644,"date":"2018-06-18T14:12:35","date_gmt":"2018-06-18T17:12:35","guid":{"rendered":"https:\/\/cpamalharro-cba.infd.edu.ar\/sitio\/?page_id=644"},"modified":"2022-05-13T19:04:47","modified_gmt":"2022-05-13T22:04:47","slug":"catalogo","status":"publish","type":"page","link":"https:\/\/cpamalharro-cba.infd.edu.ar\/sitio\/catalogo\/","title":{"rendered":"Carreras"},"content":{"rendered":"<h1 style=\"text-align: center;\">Tecnicatura Superior en Danzas con Orientaci\u00f3n en Danzas Folkl\u00f3ricas Argentinas<\/h1>\n<ul>\n<li>T\u00edtulo: T\u00e9cnico Superior en Danzas con Orientaci\u00f3n en Danzas Folkl\u00f3ricas Argentinas. Resoluci\u00f3n Ministerial 062\/2007<\/li>\n<li>Duraci\u00f3n de la carrera: 3 a\u00f1os.<\/li>\n<li>Modalidad: presencial.<\/li>\n<li>Plan de estudios:<\/li>\n<\/ul>\n<p><img decoding=\"async\" loading=\"lazy\" class=\"alignnone  wp-image-838\" src=\"https:\/\/cpamalharro-cba.infd.edu.ar\/sitio\/wp-content\/uploads\/2021\/09\/PRIMER-ANO-TECNICATURA-1-1000x769.jpg\" alt=\"\" width=\"670\" height=\"511\" \/><\/p>\n<p><img decoding=\"async\" loading=\"lazy\" class=\"alignnone  wp-image-834\" src=\"https:\/\/cpamalharro-cba.infd.edu.ar\/sitio\/wp-content\/uploads\/2021\/09\/SEGUNDO-ANO-TECNICATURA-1000x769.jpg\" alt=\"\" width=\"668\" height=\"514\" \/><\/p>\n<p><img decoding=\"async\" loading=\"lazy\" class=\"alignnone  wp-image-835\" src=\"https:\/\/cpamalharro-cba.infd.edu.ar\/sitio\/wp-content\/uploads\/2021\/09\/TERCER-ANO-TECNICATURA-1000x632.jpg\" alt=\"\" width=\"679\" height=\"383\" \/><\/p>\n<p><strong>\u00a0\u00a0\u00a0\u00a0\u00a0\u00a0\u00a0\u00a0\u00a0\u00a0\u00a0\u00a0\u00a0\u00a0\u00a0\u00a0\u00a0\u00a0\u00a0\u00a0\u00a0\u00a0\u00a0\u00a0\u00a0\u00a0\u00a0\u00a0\u00a0\u00a0\u00a0\u00a0\u00a0\u00a0\u00a0\u00a0\u00a0\u00a0\u00a0\u00a0\u00a0\u00a0\u00a0\u00a0\u00a0\u00a0\u00a0 <\/strong><\/p>\n<h5><span style=\"color: #008000;\"><strong>PERFIL DEL EGRESADO EN DANZAS CON ORIENTACI\u00d3N EN DANZAS FOLKL\u00d3RICAS ARGENTINAS<\/strong><\/span><\/h5>\n<p><em>El T\u00e9cnico\u00a0 en Folklore asume una formaci\u00f3n que incluye competencias tanto para la interpretaci\u00f3n y recreaci\u00f3n art\u00edstica como para la investigaci\u00f3n sistem\u00e1tica de culturas populares y tradicionales en su orientaci\u00f3n espec\u00edfica.<\/em><\/p>\n<p><em>Est\u00e1 facultado para incursionar en los \u00e1mbitos acad\u00e9micos y\/o art\u00edsticos y de gesti\u00f3n, garantizando en cada especialidad la s\u00f3lida formaci\u00f3n en conocimientos te\u00f3ricos pr\u00e1cticos y t\u00e9cnicos para la producci\u00f3n, interpretaci\u00f3n y comunicaci\u00f3n, de todas las expresiones acad\u00e9micas y art\u00edsticas concernientes a su \u00e1rea de elecci\u00f3n.<\/em><\/p>\n<p><em>Detenta, a su vez, una formaci\u00f3n de competencias para operar sobre la realidad sociocultural, reivindicando valores vinculados con el patrimonio cultural tradicional representativos de la identidad nacional. Est\u00e1 capacitado para realizar su transposici\u00f3n simb\u00f3lica, brindando habilidades y destrezas manifiestas en una dimensi\u00f3n pragm\u00e1tica para la comunicaci\u00f3n, el arte, la tecnolog\u00eda, y la organizaci\u00f3n a favor de procesamientos: obtenci\u00f3n de datos, clasificaci\u00f3n, interpretaci\u00f3n, presentaci\u00f3n de la informaci\u00f3n y producci\u00f3n de diversos tipos de obras y c\u00f3digos verbales y no verbales correspondientes a las expresiones art\u00edsticas y acad\u00e9micas espec\u00edficas.<\/em><\/p>\n<p><em>\u00a0<\/em><\/p>\n<h5><span style=\"color: #008000;\"><b>PROCEDIMIENTO DE INSCRIPCI\u00d3N EN CARRERAS DEL NIVEL SUPERIOR PARA EL A\u00d1O 2022<\/b><\/span><\/h5>\n<p>Se habilitar\u00e1 a trav\u00e9s del Sistema de Gesti\u00f3n de Estudiantes el primer paso de pre-matriculaci\u00f3n de aspirantes a partir noviembre de 2021,\u00a0 fecha en que se encontrar\u00e1n habilitadas las carreras que se abrir\u00e1n en las instituciones de Formaci\u00f3n Docente y T\u00e9cnico Profesional de todo el territorio de la Provincia de C\u00f3rdoba.<\/p>\n<p>Para este procedimiento encontrar\u00e1n los instructivos correspondientes, ingresando a https:\/\/www.cba.gov.ar\/gestion-estudiantes\/ o a la p\u00e1gina de Gobierno de C\u00f3rdoba https:\/\/www.cba.gov.ar\/. En el men\u00fa que se encuentra en la parte superior derecha de la p\u00e1gina web, se ingresa a Repartici\u00f3n, luego Ministerio de Educaci\u00f3n, luego oprimir en el enlace \u201cGesti\u00f3n de Estudiantes\u201d que se encuentra en la secci\u00f3n llamada \u201cInformaci\u00f3n Adicional\u201d y por \u00faltimo en el men\u00fa derecho ingresar a \u201cPre Matricula \u2013 Nivel Superior\u201d. All\u00ed el sistema le ir\u00e1 indicando y orientando.<\/p>\n<p>Este procedimiento permanecer\u00e1 habilitado hasta el 31 de Marzo, fecha l\u00edmite para completar la inscripci\u00f3n definitiva.<\/p>\n<ul>\n<li>Datos de contacto:<\/li>\n<li>Email: tecnicaturadfa@gmail.com<\/li>\n<li><a style=\"font-size: inherit;\" href=\"mailto:cpartebville@hotmail.com\">cpartebville@gmail.com<\/a><\/li>\n<\/ul>\n<ul>\n<li>Tel: 03537- 421020<\/li>\n<\/ul>\n<p>Para hacer la pre inscripci\u00f3n, encontrar\u00e1n los instructivos correspondientes, ingresando a<br \/><strong>https:\/\/www.cba.gov.ar\/gestion-estudiantes\/<\/strong> o a la p\u00e1gina de Gobierno de C\u00f3rdoba<br \/><strong>https:\/\/www.cba.gov.ar<\/strong>\/. En el men\u00fa que se encuentra en la parte superior derecha de la p\u00e1gina web,<br \/>se ingresa a Repartici\u00f3n, luego Ministerio de Educaci\u00f3n, luego oprimir en el enlace \u201cGesti\u00f3n de<br \/>Estudiantes\u201d que se encuentra en la secci\u00f3n llamada \u201cInformaci\u00f3n Adicional\u201d y por \u00faltimo en el men\u00fa<br \/>derecho ingresar a \u201cPre Matricula \u2013 Nivel Superior\u201d. All\u00ed el sistema le ir\u00e1 indicando y orientando.<\/p>\n<p>En el acceso Estudiantes &#8211; Ingresantes de esta p\u00e1gina, ten\u00e9s las planillas y la documentaci\u00f3n requerida para presentar en formato papel para tu inscripci\u00f3n.<\/p>\n<p><blockquote class=\"wp-embedded-content\" data-secret=\"VqMHj6Jslt\"><a href=\"https:\/\/cpamalharro-cba.infd.edu.ar\/sitio\/estudiantes\/ingresantes\/\">Ingresantes<\/a><\/blockquote><iframe class=\"wp-embedded-content\" sandbox=\"allow-scripts\" security=\"restricted\" style=\"position: absolute; clip: rect(1px, 1px, 1px, 1px);\" title=\"\u00abIngresantes\u00bb \u2014 Centro Superior Polivalente de Arte &quot;Mart\u00edn Malharro&quot;\" src=\"https:\/\/cpamalharro-cba.infd.edu.ar\/sitio\/estudiantes\/ingresantes\/embed\/#?secret=VqMHj6Jslt\" data-secret=\"VqMHj6Jslt\" width=\"600\" height=\"338\" frameborder=\"0\" marginwidth=\"0\" marginheight=\"0\" scrolling=\"no\"><\/iframe><\/p>\n\n\n<figure class=\"wp-block-image\"><img alt=\"\"\/><\/figure>\n","protected":false},"excerpt":{"rendered":"<p>Tecnicatura Superior en Danzas con Orientaci\u00f3n en Danzas Folkl\u00f3ricas Argentinas T\u00edtulo: T\u00e9cnico Superior en Danzas con Orientaci\u00f3n en Danzas Folkl\u00f3ricas Argentinas. Resoluci\u00f3n Ministerial 062\/2007 Duraci\u00f3n de la carrera: 3 a\u00f1os. Modalidad: presencial. Plan de estudios: \u00a0\u00a0\u00a0\u00a0\u00a0\u00a0\u00a0\u00a0\u00a0\u00a0\u00a0\u00a0\u00a0\u00a0\u00a0\u00a0\u00a0\u00a0\u00a0\u00a0\u00a0\u00a0\u00a0\u00a0\u00a0\u00a0\u00a0\u00a0\u00a0\u00a0\u00a0\u00a0\u00a0\u00a0\u00a0\u00a0\u00a0\u00a0\u00a0\u00a0\u00a0\u00a0\u00a0\u00a0\u00a0\u00a0\u00a0 PERFIL DEL EGRESADO EN DANZAS CON ORIENTACI\u00d3N EN DANZAS FOLKL\u00d3RICAS ARGENTINAS El T\u00e9cnico\u00a0 en Folklore asume una formaci\u00f3n que &#8230; <a title=\"Carreras\" class=\"read-more\" href=\"https:\/\/cpamalharro-cba.infd.edu.ar\/sitio\/catalogo\/\" aria-label=\"More on Carreras\">[+]<\/a><\/p>\n","protected":false},"author":1,"featured_media":0,"parent":0,"menu_order":0,"comment_status":"closed","ping_status":"closed","template":"","meta":[],"acf":[],"_links":{"self":[{"href":"https:\/\/cpamalharro-cba.infd.edu.ar\/sitio\/wp-json\/wp\/v2\/pages\/644"}],"collection":[{"href":"https:\/\/cpamalharro-cba.infd.edu.ar\/sitio\/wp-json\/wp\/v2\/pages"}],"about":[{"href":"https:\/\/cpamalharro-cba.infd.edu.ar\/sitio\/wp-json\/wp\/v2\/types\/page"}],"author":[{"embeddable":true,"href":"https:\/\/cpamalharro-cba.infd.edu.ar\/sitio\/wp-json\/wp\/v2\/users\/1"}],"replies":[{"embeddable":true,"href":"https:\/\/cpamalharro-cba.infd.edu.ar\/sitio\/wp-json\/wp\/v2\/comments?post=644"}],"version-history":[{"count":16,"href":"https:\/\/cpamalharro-cba.infd.edu.ar\/sitio\/wp-json\/wp\/v2\/pages\/644\/revisions"}],"predecessor-version":[{"id":847,"href":"https:\/\/cpamalharro-cba.infd.edu.ar\/sitio\/wp-json\/wp\/v2\/pages\/644\/revisions\/847"}],"wp:attachment":[{"href":"https:\/\/cpamalharro-cba.infd.edu.ar\/sitio\/wp-json\/wp\/v2\/media?parent=644"}],"curies":[{"name":"wp","href":"https:\/\/api.w.org\/{rel}","templated":true}]}}